{"id":4966,"date":"2020-05-27T17:35:44","date_gmt":"2020-05-27T15:35:44","guid":{"rendered":"https:\/\/mugardos.gal\/contacta-con-el-equipo-de-gobierno\/"},"modified":"2024-09-30T09:55:45","modified_gmt":"2024-09-30T07:55:45","slug":"contacta-con-el-equipo-de-gobierno","status":"publish","type":"page","link":"https:\/\/mugardos.gal\/es\/contacta-con-el-equipo-de-gobierno\/","title":{"rendered":"CONTACTA CON EL EQUIPO DE GOBIERNO"},"content":{"rendered":"<p>[vc_row][vc_column][vc_separator color=\u00bbmulled_wine\u00bb style=\u00bbshadow\u00bb border_width=\u00bb4&#8243;][\/vc_column][\/vc_row][vc_row][vc_column width=\u00bb1\/4&#8243; offset=\u00bbvc_hidden-sm vc_hidden-xs\u00bb][vc_column_text]\n<!-- PRESSVILLE POSTS : begin -->\n<section class=\"lsvr-pressville-post-grid lsvr-pressville-post-grid--posts lsvr-pressville-post-grid--layout-title-top lsvr-pressville-post-grid--dark-bg\"\n    >\n    <div class=\"lsvr-pressville-post-grid__inner\">\n        <div class=\"lsvr-container\">\n            <div class=\"lsvr-pressville-post-grid__content\">\n\n                \n                    <header class=\"lsvr-pressville-post-grid__header\">\n\n                        \n                            <h2 class=\"lsvr-pressville-post-grid__title\">\u00daLTIMAS NOTICIAS<\/h2>\n\n                        \n                        \n                        \n                        \n                            <span class=\"icon-newspaper-o lsvr-pressville-post-grid__icon\" aria-hidden=\"true\"><\/span>\n\n                        \n                    <\/header>\n\n                \n                \n                    <div class=\"lsvr-pressville-post-grid__list-wrapper\">\n                        <div class=\"lsvr-grid lsvr-grid--1-cols lsvr-pressville-post-grid__list lsvr-pressville-post-grid__list--2-items\"\n                            data-columns-count=\"1\">\n\n                            \n                                <div class=\"lsvr-grid__col lsvr-grid__col--span-12 lsvr-pressville-post-grid__item\">\n\n                                    <article class=\"lsvr-pressville-post-grid__post post-25839 post type-post status-publish format-standard has-post-thumbnail hentry category-cultura-y-turismo-es category-noticias\"                                         style=\"background-image: url( https:\/\/mugardos.gal\/wp-content\/uploads\/2026\/04\/PHOTO-2026-04-29-08-59-44-768x1024.jpg );\">\n                                        <div class=\"lsvr-pressville-post-grid__post-inner\">\n                                            <div class=\"lsvr-pressville-post-grid__post-bg\">\n\n                                                <div class=\"lsvr-pressville-post-grid__post-content\">\n\n                                                    <h3 class=\"lsvr-pressville-post-grid__post-title\">\n                                                        <a href=\"https:\/\/mugardos.gal\/es\/festival-cultural-mugardearte-los-dias-2-y-3-de-mayo-en-el-canton-de-cora\/\" class=\"lsvr-pressville-post-grid__post-title-link\" rel=\"bookmark\">FESTIVAL CULTURAL &#039;MUGARDEARTE&#039; LOS D\u00cdAS 2 Y 3 DE MAYO EN EL CANT\u00d3N DE CORA<\/a>\n                                                    <\/h3>\n\n                                                    <p class=\"lsvr-pressville-post-grid__post-meta\">\n\n                                                        <span class=\"lsvr-pressville-post-grid__post-meta-date\" role=\"group\">29 abril 2026<\/span>\n\n                                                        \n                                                            <span class=\"lsvr-pressville-post-grid__post-meta-categories\" role=\"group\">\n\t\t\t<span class=\"post__categories\">\n\t\t\t\ten <a href=\"https:\/\/mugardos.gal\/es\/categoria\/cultura-y-turismo-es\/\" class=\"post__category-link\">CULTURA Y TURISMO<\/a>\t\t\t<\/span>\n\n\t\t<\/span>\n\n                                                        \n                                                    <\/p>\n\n                                                <\/div>\n\n                                                <a href=\"https:\/\/mugardos.gal\/es\/festival-cultural-mugardearte-los-dias-2-y-3-de-mayo-en-el-canton-de-cora\/\" class=\"lsvr-pressville-post-grid__post-overlay-link\">\n                                                    <span class=\"screen-reader-text\">More<\/span>\n                                                <\/a>\n\n                                            <\/div>\n                                        <\/div>\n                                    <\/article>\n\n                                <\/div>\n\n                            \n                                <div class=\"lsvr-grid__col lsvr-grid__col--span-12 lsvr-pressville-post-grid__item\">\n\n                                    <article class=\"lsvr-pressville-post-grid__post post-25833 post type-post status-publish format-standard has-post-thumbnail hentry category-cultura-e-turismo category-novas\"                                         style=\"background-image: url( https:\/\/mugardos.gal\/wp-content\/uploads\/2026\/04\/PHOTO-2026-04-29-08-59-44-768x1024.jpg );\">\n                                        <div class=\"lsvr-pressville-post-grid__post-inner\">\n                                            <div class=\"lsvr-pressville-post-grid__post-bg\">\n\n                                                <div class=\"lsvr-pressville-post-grid__post-content\">\n\n                                                    <h3 class=\"lsvr-pressville-post-grid__post-title\">\n                                                        <a href=\"https:\/\/mugardos.gal\/festival-cultural-mugardearte-os-dias-2-e-3-de-maio-no-canton-de-cora\/\" class=\"lsvr-pressville-post-grid__post-title-link\" rel=\"bookmark\">FESTIVAL CULTURAL &#039;MUGARDEARTE&#039; OS D\u00cdAS 2 E 3 DE MAIO NO CANT\u00d3N DE CORA<\/a>\n                                                    <\/h3>\n\n                                                    <p class=\"lsvr-pressville-post-grid__post-meta\">\n\n                                                        <span class=\"lsvr-pressville-post-grid__post-meta-date\" role=\"group\">29 abril 2026<\/span>\n\n                                                        \n                                                            <span class=\"lsvr-pressville-post-grid__post-meta-categories\" role=\"group\">\n\t\t\t<span class=\"post__categories\">\n\t\t\t\ten <a href=\"https:\/\/mugardos.gal\/categoria\/cultura-e-turismo\/\" class=\"post__category-link\">CULTURA E TURISMO<\/a>\t\t\t<\/span>\n\n\t\t<\/span>\n\n                                                        \n                                                    <\/p>\n\n                                                <\/div>\n\n                                                <a href=\"https:\/\/mugardos.gal\/festival-cultural-mugardearte-os-dias-2-e-3-de-maio-no-canton-de-cora\/\" class=\"lsvr-pressville-post-grid__post-overlay-link\">\n                                                    <span class=\"screen-reader-text\">More<\/span>\n                                                <\/a>\n\n                                            <\/div>\n                                        <\/div>\n                                    <\/article>\n\n                                <\/div>\n\n                            \n                        <\/div>\n                    <\/div>\n\n                \n                \n                    <footer class=\"lsvr-pressville-post-grid__footer\">\n\n                        <p class=\"lsvr-pressville-post-grid__more lsvr-pressville-post-grid__more--bottom\">\n\n                            \n                                <a href=\"https:\/\/mugardos.gal\/es\/noticias-mugardos\/\" class=\"c-button lsvr-pressville-post-grid__more-link\">M\u00c1S NOTICIAS<\/a>\n\n                            \n                        <\/p>\n\n                    <\/footer>\n\n                \n            <\/div>\n        <\/div>\n    <\/div>\n<\/section>\n<!-- PRESSVILLE POSTS : end -->\n\n[\/vc_column_text][vc_column_text]\n<!-- PRESSVILLE EVENTS : begin -->\n<section class=\"lsvr-pressville-post-grid lsvr-pressville-post-grid--events lsvr-pressville-post-grid--layout-title-top lsvr-pressville-post-grid--dark-bg\"\n    >\n    <div class=\"lsvr-pressville-post-grid__inner\">\n        <div class=\"lsvr-container\">\n            <div class=\"lsvr-pressville-post-grid__content\">\n\n                \n                    <p class=\"c-alert-message\">No hay eventos<\/p>\n\n                \n            <\/div>\n        <\/div>\n    <\/div>\n<\/section>\n<!-- PRESSVILLE EVENTS : end -->\n\n[\/vc_column_text][\/vc_column][vc_column width=\u00bb3\/4&#8243;][vc_column_text]\n<div id=\"contenedor\" class=\"textarea unknown\" style=\"text-align: justify;\">El siguiente formulario es una herramienta \u00e1gil y directa para poder contactar con los responsables pol\u00edticos de cada uno de los departamentos municipales. Los departamentos y sus responsables son los siguientes:<\/div>\n<ul style=\"text-align: justify;\">\n<li class=\"textarea unknown\">Alcald\u00eda y Departamento de Urbanismo, Rehabilitaci\u00f3n y Movilidad \u2013\u00a0 Responsable: Juan Domingo de Deus Fonticoba<\/li>\n<li class=\"textarea unknown\">Departamento de Bienestar Social e Igualdad \u2013 Responsable: Ana Varela Bastida<\/li>\n<li class=\"textarea unknown\">Departamentos de Deportes, Cultura, Turismo, Ense\u00f1anza y Juventud \u2013 Responsable: Bego\u00f1a G\u00f3mez<\/li>\n<li class=\"textarea unknown\">Departamento de Obras, Servicios y Medio Ambiente \u2013 Responsable: Jorge Kuntz Peiteado<\/li>\n<li class=\"textarea unknown\">Departamento de Personal, Hacienda, Participaci\u00f3n, Formaci\u00f3n y Desarrollo \u2013 Responsable: Miguel Mah\u00eda Prados<\/li>\n<\/ul>\n<p style=\"text-align: justify;\">Para contactar con el Alcalde y los concejales y concejalas responsables de cada \u00e1rea, puede cubrirse el siguiente formulario seleccionando la persona con la que quiere contactar y exponiendo brevemente el asunto a tratar. El\/La responsable se pondr\u00e1 en contacto con usted.<\/p>\n<div class=\"options\"><\/div>\n<div class=\"col_b\">\n<div class=\"textbox\">\n<div class=\"options\"><\/div>\n<\/div>\n<\/div>\n<div class=\"links\"><\/div>\n<p>[\/vc_column_text]<div role=\"form\" class=\"wpcf7\" id=\"wpcf7-f4691-o1\" lang=\"es-ES\" dir=\"ltr\">\n<div class=\"screen-reader-response\"><p role=\"status\" aria-live=\"polite\" aria-atomic=\"true\"><\/p> <ul><\/ul><\/div>\n<form action=\"\/es\/wp-json\/wp\/v2\/pages\/4966#wpcf7-f4691-o1\" method=\"post\" class=\"wpcf7-form init\" novalidate=\"novalidate\" data-status=\"init\">\n<div style=\"display: none;\">\n<input type=\"hidden\" name=\"_wpcf7\" value=\"4691\" \/>\n<input type=\"hidden\" name=\"_wpcf7_version\" value=\"5.5.6.1\" \/>\n<input type=\"hidden\" name=\"_wpcf7_locale\" value=\"es_ES\" \/>\n<input type=\"hidden\" name=\"_wpcf7_unit_tag\" value=\"wpcf7-f4691-o1\" \/>\n<input type=\"hidden\" name=\"_wpcf7_container_post\" value=\"0\" \/>\n<input type=\"hidden\" name=\"_wpcf7_posted_data_hash\" value=\"\" \/>\n<input type=\"hidden\" name=\"_wpcf7_recaptcha_response\" value=\"\" \/>\n<\/div>\n<p><strong>Nombre y apellidos<strong><\/strong><br \/>\n    <span class=\"wpcf7-form-control-wrap your-name\"><input type=\"text\" name=\"your-name\" value=\"\" size=\"40\" class=\"wpcf7-form-control wpcf7-text\" aria-invalid=\"false\" \/><\/span> <\/p>\n<p>Correo electr\u00f3nico (obligatorio)<br \/>\n    <span class=\"wpcf7-form-control-wrap your-email\"><input type=\"email\" name=\"your-email\" value=\"\" size=\"40\" class=\"wpcf7-form-control wpcf7-text wpcf7-email wpcf7-validates-as-required wpcf7-validates-as-email\" aria-required=\"true\" aria-invalid=\"false\" \/><\/span> <\/p>\n<p>Asunto<br \/>\n    <span class=\"wpcf7-form-control-wrap your-subject\"><input type=\"text\" name=\"your-subject\" value=\"\" size=\"40\" class=\"wpcf7-form-control wpcf7-text\" aria-invalid=\"false\" \/><\/span> <\/p>\n<p>Miembro del goberno con el que se desea contactar: (obligatorio):<br \/>\n<span class=\"wpcf7-form-control-wrap your-browser\"><select name=\"your-browser\" class=\"wpcf7-form-control wpcf7-select wpcf7-validates-as-required\" aria-required=\"true\" aria-invalid=\"false\"><option value=\"\">---<\/option><option value=\"Alcald\u00eda y Departamento de Urbanismo, Rehabilitaci\u00f3n y Movilidad \u2013 Responsable: Juan Domingo de Deus Fonticoba\">Alcald\u00eda y Departamento de Urbanismo, Rehabilitaci\u00f3n y Movilidad \u2013 Responsable: Juan Domingo de Deus Fonticoba<\/option><option value=\"Departamento de Bienestar Social e Igualdad \u2013 Responsable: Ana Varela Bastida\">Departamento de Bienestar Social e Igualdad \u2013 Responsable: Ana Varela Bastida<\/option><option value=\"Departamentos de Deportes, Cultura, Turismo, Educaci\u00f3n y Juventud \u2013 Responsable: Bego\u00f1a Rold\u00f3s Iglesias\">Departamentos de Deportes, Cultura, Turismo, Educaci\u00f3n y Juventud \u2013 Responsable: Bego\u00f1a Rold\u00f3s Iglesias<\/option><option value=\"Departamento de Obras, Servicios y Medio Ambiente \u2013 Responsable: Jorge Kuntz Peiteado\">Departamento de Obras, Servicios y Medio Ambiente \u2013 Responsable: Jorge Kuntz Peiteado<\/option><option value=\"Departamento de Personal, Hacienda, Participaci\u00f3n, Formaci\u00f3n y Desarrollo \u2013 Responsable: Miguel Mah\u00eda Prados\">Departamento de Personal, Hacienda, Participaci\u00f3n, Formaci\u00f3n y Desarrollo \u2013 Responsable: Miguel Mah\u00eda Prados<\/option><\/select><\/span><\/p>\n<p> Mensaje (obligatorio)<br \/>\n    <span class=\"wpcf7-form-control-wrap your-message\"><textarea name=\"your-message\" cols=\"40\" rows=\"10\" class=\"wpcf7-form-control wpcf7-textarea wpcf7-validates-as-required\" aria-required=\"true\" aria-invalid=\"false\"><\/textarea><\/span> <\/p>\n<p>Acepto las condiciones de uso y la <a href=\"https:\/\/mugardos.gal\/proteccion-de-datos\/\" target=\"blank\" rel=\"nofollow\">pol\u00edtica de protecci\u00f3n de datos<\/a><br \/>\n<span class=\"wpcf7-form-control-wrap acceptance-235\"><span class=\"wpcf7-form-control wpcf7-acceptance\"><span class=\"wpcf7-list-item\"><input type=\"checkbox\" name=\"acceptance-235\" value=\"1\" aria-invalid=\"false\" \/><\/span><\/span><\/span><\/p>\n<p><input type=\"submit\" value=\"Enviar\" class=\"wpcf7-form-control has-spinner wpcf7-submit\" \/><\/p>\n<div class=\"wpcf7-response-output\" aria-hidden=\"true\"><\/div><\/form><\/div>[\/vc_column][\/vc_row]\n","protected":false},"excerpt":{"rendered":"<p>[vc_row][vc_column][vc_separator color=\u00bbmulled_wine\u00bb style=\u00bbshadow\u00bb border_width=\u00bb4&#8243;][\/vc_column][\/vc_row][vc_row][vc_column width=\u00bb1\/4&#8243; offset=\u00bbvc_hidden-sm vc_hidden-xs\u00bb][vc_column_text][\/vc_column_text][vc_column_text][\/vc_column_text][\/vc_column][vc_column width=\u00bb3\/4&#8243;][vc_column_text] El siguiente formulario es una herramienta \u00e1gil y directa para poder contactar con los responsables pol\u00edticos de cada uno de los departamentos municipales. Los departamentos y sus responsables son los siguientes: Alcald\u00eda y Departamento de Urbanismo, Rehabilitaci\u00f3n y Movilidad \u2013\u00a0 Responsable: Juan Domingo de Deus Fonticoba Departamento [&hellip;]<\/p>\n","protected":false},"author":4,"featured_media":0,"parent":0,"menu_order":0,"comment_status":"closed","ping_status":"closed","template":"","meta":[],"yoast_head":"<!-- This site is optimized with the Yoast SEO plugin v18.9 - https:\/\/yoast.com\/wordpress\/plugins\/seo\/ -->\n<title>CONTACTA CON EL EQUIPO DE GOBIERNO - Concello de Mugardos<\/title>\n<meta name=\"robots\" content=\"index, follow, max-snippet:-1, max-image-preview:large, max-video-preview:-1\" \/>\n<link rel=\"canonical\" href=\"https:\/\/mugardos.gal\/es\/contacta-con-el-equipo-de-gobierno\/\" \/>\n<meta property=\"og:locale\" content=\"es_ES\" \/>\n<meta property=\"og:type\" content=\"article\" \/>\n<meta property=\"og:title\" content=\"CONTACTA CON EL EQUIPO DE GOBIERNO - Concello de Mugardos\" \/>\n<meta property=\"og:description\" content=\"[vc_row][vc_column][vc_separator color=\u00bbmulled_wine\u00bb style=\u00bbshadow\u00bb border_width=\u00bb4&#8243;][\/vc_column][\/vc_row][vc_row][vc_column width=\u00bb1\/4&#8243; offset=\u00bbvc_hidden-sm vc_hidden-xs\u00bb][vc_column_text][\/vc_column_text][vc_column_text][\/vc_column_text][\/vc_column][vc_column width=\u00bb3\/4&#8243;][vc_column_text] El siguiente formulario es una herramienta \u00e1gil y directa para poder contactar con los responsables pol\u00edticos de cada uno de los departamentos municipales. Los departamentos y sus responsables son los siguientes: Alcald\u00eda y Departamento de Urbanismo, Rehabilitaci\u00f3n y Movilidad \u2013\u00a0 Responsable: Juan Domingo de Deus Fonticoba Departamento [&hellip;]\" \/>\n<meta property=\"og:url\" content=\"https:\/\/mugardos.gal\/es\/contacta-con-el-equipo-de-gobierno\/\" \/>\n<meta property=\"og:site_name\" content=\"Concello de Mugardos\" \/>\n<meta property=\"article:modified_time\" content=\"2024-09-30T07:55:45+00:00\" \/>\n<meta name=\"twitter:card\" content=\"summary_large_image\" \/>\n<meta name=\"twitter:label1\" content=\"Tiempo de lectura\" \/>\n\t<meta name=\"twitter:data1\" content=\"1 minuto\" \/>\n<script type=\"application\/ld+json\" class=\"yoast-schema-graph\">{\"@context\":\"https:\/\/schema.org\",\"@graph\":[{\"@type\":\"WebSite\",\"@id\":\"https:\/\/mugardos.gal\/#website\",\"url\":\"https:\/\/mugardos.gal\/\",\"name\":\"Concello de Mugardos\",\"description\":\"\",\"potentialAction\":[{\"@type\":\"SearchAction\",\"target\":{\"@type\":\"EntryPoint\",\"urlTemplate\":\"https:\/\/mugardos.gal\/?s={search_term_string}\"},\"query-input\":\"required name=search_term_string\"}],\"inLanguage\":\"es\"},{\"@type\":\"WebPage\",\"@id\":\"https:\/\/mugardos.gal\/es\/contacta-con-el-equipo-de-gobierno\/#webpage\",\"url\":\"https:\/\/mugardos.gal\/es\/contacta-con-el-equipo-de-gobierno\/\",\"name\":\"CONTACTA CON EL EQUIPO DE GOBIERNO - Concello de Mugardos\",\"isPartOf\":{\"@id\":\"https:\/\/mugardos.gal\/#website\"},\"datePublished\":\"2020-05-27T15:35:44+00:00\",\"dateModified\":\"2024-09-30T07:55:45+00:00\",\"breadcrumb\":{\"@id\":\"https:\/\/mugardos.gal\/es\/contacta-con-el-equipo-de-gobierno\/#breadcrumb\"},\"inLanguage\":\"es\",\"potentialAction\":[{\"@type\":\"ReadAction\",\"target\":[\"https:\/\/mugardos.gal\/es\/contacta-con-el-equipo-de-gobierno\/\"]}]},{\"@type\":\"BreadcrumbList\",\"@id\":\"https:\/\/mugardos.gal\/es\/contacta-con-el-equipo-de-gobierno\/#breadcrumb\",\"itemListElement\":[{\"@type\":\"ListItem\",\"position\":1,\"name\":\"Portada\",\"item\":\"https:\/\/mugardos.gal\/es\/\"},{\"@type\":\"ListItem\",\"position\":2,\"name\":\"CONTACTA CON EL EQUIPO DE GOBIERNO\"}]}]}<\/script>\n<!-- \/ Yoast SEO plugin. -->","yoast_head_json":{"title":"CONTACTA CON EL EQUIPO DE GOBIERNO - Concello de Mugardos","robots":{"index":"index","follow":"follow","max-snippet":"max-snippet:-1","max-image-preview":"max-image-preview:large","max-video-preview":"max-video-preview:-1"},"canonical":"https:\/\/mugardos.gal\/es\/contacta-con-el-equipo-de-gobierno\/","og_locale":"es_ES","og_type":"article","og_title":"CONTACTA CON EL EQUIPO DE GOBIERNO - Concello de Mugardos","og_description":"[vc_row][vc_column][vc_separator color=\u00bbmulled_wine\u00bb style=\u00bbshadow\u00bb border_width=\u00bb4&#8243;][\/vc_column][\/vc_row][vc_row][vc_column width=\u00bb1\/4&#8243; offset=\u00bbvc_hidden-sm vc_hidden-xs\u00bb][vc_column_text][\/vc_column_text][vc_column_text][\/vc_column_text][\/vc_column][vc_column width=\u00bb3\/4&#8243;][vc_column_text] El siguiente formulario es una herramienta \u00e1gil y directa para poder contactar con los responsables pol\u00edticos de cada uno de los departamentos municipales. Los departamentos y sus responsables son los siguientes: Alcald\u00eda y Departamento de Urbanismo, Rehabilitaci\u00f3n y Movilidad \u2013\u00a0 Responsable: Juan Domingo de Deus Fonticoba Departamento [&hellip;]","og_url":"https:\/\/mugardos.gal\/es\/contacta-con-el-equipo-de-gobierno\/","og_site_name":"Concello de Mugardos","article_modified_time":"2024-09-30T07:55:45+00:00","twitter_card":"summary_large_image","twitter_misc":{"Tiempo de lectura":"1 minuto"},"schema":{"@context":"https:\/\/schema.org","@graph":[{"@type":"WebSite","@id":"https:\/\/mugardos.gal\/#website","url":"https:\/\/mugardos.gal\/","name":"Concello de Mugardos","description":"","potentialAction":[{"@type":"SearchAction","target":{"@type":"EntryPoint","urlTemplate":"https:\/\/mugardos.gal\/?s={search_term_string}"},"query-input":"required name=search_term_string"}],"inLanguage":"es"},{"@type":"WebPage","@id":"https:\/\/mugardos.gal\/es\/contacta-con-el-equipo-de-gobierno\/#webpage","url":"https:\/\/mugardos.gal\/es\/contacta-con-el-equipo-de-gobierno\/","name":"CONTACTA CON EL EQUIPO DE GOBIERNO - Concello de Mugardos","isPartOf":{"@id":"https:\/\/mugardos.gal\/#website"},"datePublished":"2020-05-27T15:35:44+00:00","dateModified":"2024-09-30T07:55:45+00:00","breadcrumb":{"@id":"https:\/\/mugardos.gal\/es\/contacta-con-el-equipo-de-gobierno\/#breadcrumb"},"inLanguage":"es","potentialAction":[{"@type":"ReadAction","target":["https:\/\/mugardos.gal\/es\/contacta-con-el-equipo-de-gobierno\/"]}]},{"@type":"BreadcrumbList","@id":"https:\/\/mugardos.gal\/es\/contacta-con-el-equipo-de-gobierno\/#breadcrumb","itemListElement":[{"@type":"ListItem","position":1,"name":"Portada","item":"https:\/\/mugardos.gal\/es\/"},{"@type":"ListItem","position":2,"name":"CONTACTA CON EL EQUIPO DE GOBIERNO"}]}]}},"_links":{"self":[{"href":"https:\/\/mugardos.gal\/es\/wp-json\/wp\/v2\/pages\/4966"}],"collection":[{"href":"https:\/\/mugardos.gal\/es\/wp-json\/wp\/v2\/pages"}],"about":[{"href":"https:\/\/mugardos.gal\/es\/wp-json\/wp\/v2\/types\/page"}],"author":[{"embeddable":true,"href":"https:\/\/mugardos.gal\/es\/wp-json\/wp\/v2\/users\/4"}],"replies":[{"embeddable":true,"href":"https:\/\/mugardos.gal\/es\/wp-json\/wp\/v2\/comments?post=4966"}],"version-history":[{"count":1,"href":"https:\/\/mugardos.gal\/es\/wp-json\/wp\/v2\/pages\/4966\/revisions"}],"predecessor-version":[{"id":22095,"href":"https:\/\/mugardos.gal\/es\/wp-json\/wp\/v2\/pages\/4966\/revisions\/22095"}],"wp:attachment":[{"href":"https:\/\/mugardos.gal\/es\/wp-json\/wp\/v2\/media?parent=4966"}],"curies":[{"name":"wp","href":"https:\/\/api.w.org\/{rel}","templated":true}]}}