{"id":24761,"date":"2020-03-25T12:29:35","date_gmt":"2020-03-25T10:29:35","guid":{"rendered":"https:\/\/mugardos.gal\/bienestar-social\/contacto-co-departamento-de-benestar-social\/"},"modified":"2025-09-30T16:10:24","modified_gmt":"2025-09-30T14:10:24","slug":"contacto-con-el-departamento-de-bienestar-social","status":"publish","type":"page","link":"https:\/\/mugardos.gal\/es\/bienestar-social\/contacto-con-el-departamento-de-bienestar-social\/","title":{"rendered":"CONTACTO CON EL DEPARTAMENTO DE BIENESTAR SOCIAL"},"content":{"rendered":"<p>[vc_row][vc_column][vc_separator color=\u00bbchino\u00bb style=\u00bbshadow\u00bb border_width=\u00bb4&#8243;][\/vc_column][\/vc_row][vc_row][vc_column width=\u00bb1\/4&#8243; offset=\u00bbvc_hidden-sm vc_hidden-xs\u00bb][vc_row_inner][vc_column_inner][vc_single_image image=\u00bb3092&#8243; img_size=\u00bbmedium\u00bb alignment=\u00bbcenter\u00bb style=\u00bbvc_box_shadow_3d\u00bb onclick=\u00bbcustom_link\u00bb css_animation=\u00bbnone\u00bb link=\u00bbhttps:\/\/mugardos.gal\/benestar-social\/contacto-co-departamento-de-benestar-social\/\u00bb][vc_single_image image=\u00bb3086&#8243; img_size=\u00bbmedium\u00bb alignment=\u00bbcenter\u00bb style=\u00bbvc_box_shadow_3d\u00bb onclick=\u00bbcustom_link\u00bb css=\u00bb.vc_custom_1590242502164{margin-top: -40px !important;}\u00bb link=\u00bbhttps:\/\/mugardos.gal\/benestar-social\/axudas-de-ensino-e-transporte\/\u00bb][vc_single_image image=\u00bb3098&#8243; img_size=\u00bbmedium\u00bb alignment=\u00bbcenter\u00bb style=\u00bbvc_box_shadow_3d\u00bb onclick=\u00bbcustom_link\u00bb css=\u00bb.vc_custom_1590242517305{margin-top: -40px !important;}\u00bb link=\u00bbhttps:\/\/mugardos.gal\/benestar-social\/exencions-e-bonificacions-nas-taxas-de-auga-lixo-e-sumidoiros\/\u00bb][vc_single_image image=\u00bb3782&#8243; img_size=\u00bbmedium\u00bb alignment=\u00bbcenter\u00bb style=\u00bbvc_box_shadow_3d\u00bb onclick=\u00bbcustom_link\u00bb css=\u00bb.vc_custom_1590567576456{margin-top: -40px !important;}\u00bb link=\u00bbhttps:\/\/mugardos.gal\/benestar-social\/escola-infantil-municipal-lagoas\/\u00bb][vc_single_image image=\u00bb3096&#8243; img_size=\u00bbmedium\u00bb alignment=\u00bbcenter\u00bb style=\u00bbvc_box_shadow_3d\u00bb onclick=\u00bbcustom_link\u00bb css=\u00bb.vc_custom_1590242564534{margin-top: -40px !important;}\u00bb link=\u00bbhttps:\/\/mugardos.gal\/benestar-social\/espazo-infantil-xogo-ludoteca\/\u00bb][vc_single_image image=\u00bb3090&#8243; img_size=\u00bbmedium\u00bb alignment=\u00bbcenter\u00bb style=\u00bbvc_box_shadow_3d\u00bb onclick=\u00bbcustom_link\u00bb css=\u00bb.vc_custom_1590242585651{margin-top: -40px !important;}\u00bb link=\u00bbhttps:\/\/mugardos.gal\/benestar-social\/comedores-escolares-municipais-bienestar\/\u00bb][vc_single_image image=\u00bb3140&#8243; img_size=\u00bbmedium\u00bb alignment=\u00bbcenter\u00bb style=\u00bbvc_box_shadow_3d\u00bb onclick=\u00bbcustom_link\u00bb css=\u00bb.vc_custom_1590306514277{margin-top: -40px !important;}\u00bb link=\u00bbhttps:\/\/mugardos.gal\/benestar-social\/transporte-metropolitano\/\u00bb][vc_single_image image=\u00bb3088&#8243; img_size=\u00bbmedium\u00bb alignment=\u00bbcenter\u00bb style=\u00bbvc_box_shadow_3d\u00bb onclick=\u00bbcustom_link\u00bb css=\u00bb.vc_custom_1590242660183{margin-top: -40px !important;}\u00bb link=\u00bbhttps:\/\/mugardos.gal\/buzon-de-suxestions\/\u00bb][\/vc_column_inner][\/vc_row_inner][\/vc_column][vc_column width=\u00bb3\/4&#8243;][vc_column_text]La Concejal\u00eda de Bienestar Social, Sanidad e Igualdad se encarga del desarrollo de los programas y servicios #social, cofinanciados por la Xunta de Galicia y la Diputaci\u00f3n provincial de A Coru\u00f1a, como el\u00a0 programa de valoraci\u00f3n, orientaci\u00f3n e informaci\u00f3n en materia social a las personas, grupos o a la comunidad en general, el servicio de ayuda en el hogar (SAF), el servicio de educaci\u00f3n y apoyo familiar, el programa b\u00e1sico de inserci\u00f3n social, o el programa de fomento de la cooperaci\u00f3n y solidaridade social, entre otros.<\/p>\n<p>Los vecinos y vecinas interesados en ponerse en contacto con el departamento pueden hacerlo:<\/p>\n<p>&nbsp;<\/p>\n<p>[\/vc_column_text][vc_row_inner][vc_column_inner width=\u00bb1\/2&#8243;][vc_column_text]\n<p style=\"text-align: justify;\"><strong>Concejala de Servicios Sociales: Patricia Ruiz de Azc\u00e1rate<\/strong><\/p>\n<p><img loading=\"lazy\" class=\"alignnone wp-image-596\" src=\"https:\/\/mugardos.gal\/wp-content\/uploads\/2020\/03\/direcci\u00f3n.png\" alt=\"\" width=\"30\" height=\"30\" \/> Avenida de Galicia 45, 1\u00ba andar<\/p>\n<p><img loading=\"lazy\" class=\"alignnone wp-image-598\" src=\"https:\/\/mugardos.gal\/wp-content\/uploads\/2020\/03\/telefono.png\" alt=\"\" width=\"30\" height=\"30\" \/> 981 470 338 (extensi\u00f3n #2017)<\/p>\n<p><img loading=\"lazy\" class=\"alignnone wp-image-594\" src=\"https:\/\/mugardos.gal\/wp-content\/uploads\/2020\/03\/correo-e1585040863272.png\" alt=\"\" width=\"30\" height=\"23\" \/> <a href=\"mailto:patricia.ruiz@mugardos.gal\">patricia.ruiz@mugardos.gal<\/a>[\/vc_column_text][\/vc_column_inner][vc_column_inner width=\u00bb1\/2&#8243;][vc_column_text]<img loading=\"lazy\" class=\"alignnone wp-image-24758 size-medium\" src=\"https:\/\/mugardos.gal\/wp-content\/uploads\/2025\/09\/Patricia-Ruiz-272x300.jpg\" alt=\"\" width=\"272\" height=\"300\" srcset=\"https:\/\/mugardos.gal\/wp-content\/uploads\/2025\/09\/Patricia-Ruiz-272x300.jpg 272w, https:\/\/mugardos.gal\/wp-content\/uploads\/2025\/09\/Patricia-Ruiz-929x1024.jpg 929w, https:\/\/mugardos.gal\/wp-content\/uploads\/2025\/09\/Patricia-Ruiz-768x847.jpg 768w, https:\/\/mugardos.gal\/wp-content\/uploads\/2025\/09\/Patricia-Ruiz.jpg 945w\" sizes=\"(max-width: 272px) 100vw, 272px\" \/>[\/vc_column_text][\/vc_column_inner][\/vc_row_inner][\/vc_column][\/vc_row]\n","protected":false},"excerpt":{"rendered":"<p>[vc_row][vc_column][vc_separator color=\u00bbchino\u00bb style=\u00bbshadow\u00bb border_width=\u00bb4&#8243;][\/vc_column][\/vc_row][vc_row][vc_column width=\u00bb1\/4&#8243; offset=\u00bbvc_hidden-sm vc_hidden-xs\u00bb][vc_row_inner][vc_column_inner][vc_single_image image=\u00bb3092&#8243; img_size=\u00bbmedium\u00bb alignment=\u00bbcenter\u00bb style=\u00bbvc_box_shadow_3d\u00bb onclick=\u00bbcustom_link\u00bb css_animation=\u00bbnone\u00bb link=\u00bbhttps:\/\/mugardos.gal\/benestar-social\/contacto-co-departamento-de-benestar-social\/\u00bb][vc_single_image image=\u00bb3086&#8243; img_size=\u00bbmedium\u00bb alignment=\u00bbcenter\u00bb style=\u00bbvc_box_shadow_3d\u00bb onclick=\u00bbcustom_link\u00bb css=\u00bb.vc_custom_1590242502164{margin-top: -40px !important;}\u00bb link=\u00bbhttps:\/\/mugardos.gal\/benestar-social\/axudas-de-ensino-e-transporte\/\u00bb][vc_single_image image=\u00bb3098&#8243; img_size=\u00bbmedium\u00bb alignment=\u00bbcenter\u00bb style=\u00bbvc_box_shadow_3d\u00bb onclick=\u00bbcustom_link\u00bb css=\u00bb.vc_custom_1590242517305{margin-top: -40px !important;}\u00bb link=\u00bbhttps:\/\/mugardos.gal\/benestar-social\/exencions-e-bonificacions-nas-taxas-de-auga-lixo-e-sumidoiros\/\u00bb][vc_single_image image=\u00bb3782&#8243; img_size=\u00bbmedium\u00bb alignment=\u00bbcenter\u00bb style=\u00bbvc_box_shadow_3d\u00bb onclick=\u00bbcustom_link\u00bb css=\u00bb.vc_custom_1590567576456{margin-top: -40px !important;}\u00bb link=\u00bbhttps:\/\/mugardos.gal\/benestar-social\/escola-infantil-municipal-lagoas\/\u00bb][vc_single_image image=\u00bb3096&#8243; img_size=\u00bbmedium\u00bb alignment=\u00bbcenter\u00bb style=\u00bbvc_box_shadow_3d\u00bb onclick=\u00bbcustom_link\u00bb css=\u00bb.vc_custom_1590242564534{margin-top: -40px !important;}\u00bb link=\u00bbhttps:\/\/mugardos.gal\/benestar-social\/espazo-infantil-xogo-ludoteca\/\u00bb][vc_single_image image=\u00bb3090&#8243; img_size=\u00bbmedium\u00bb alignment=\u00bbcenter\u00bb style=\u00bbvc_box_shadow_3d\u00bb onclick=\u00bbcustom_link\u00bb [&hellip;]<\/p>\n","protected":false},"author":4,"featured_media":0,"parent":715,"menu_order":0,"comment_status":"closed","ping_status":"closed","template":"","meta":[],"yoast_head":"<!-- This site is optimized with the Yoast SEO plugin v18.9 - https:\/\/yoast.com\/wordpress\/plugins\/seo\/ -->\n<title>CONTACTO CON EL DEPARTAMENTO DE BIENESTAR SOCIAL - Concello de Mugardos<\/title>\n<meta name=\"robots\" content=\"index, follow, max-snippet:-1, max-image-preview:large, max-video-preview:-1\" \/>\n<link rel=\"canonical\" href=\"https:\/\/mugardos.gal\/es\/bienestar-social\/contacto-con-el-departamento-de-bienestar-social\/\" \/>\n<meta property=\"og:locale\" content=\"es_ES\" \/>\n<meta property=\"og:type\" content=\"article\" \/>\n<meta property=\"og:title\" content=\"CONTACTO CON EL DEPARTAMENTO DE BIENESTAR SOCIAL - Concello de Mugardos\" \/>\n<meta property=\"og:description\" content=\"[vc_row][vc_column][vc_separator color=\u00bbchino\u00bb style=\u00bbshadow\u00bb border_width=\u00bb4&#8243;][\/vc_column][\/vc_row][vc_row][vc_column width=\u00bb1\/4&#8243; offset=\u00bbvc_hidden-sm vc_hidden-xs\u00bb][vc_row_inner][vc_column_inner][vc_single_image image=\u00bb3092&#8243; img_size=\u00bbmedium\u00bb alignment=\u00bbcenter\u00bb style=\u00bbvc_box_shadow_3d\u00bb onclick=\u00bbcustom_link\u00bb css_animation=\u00bbnone\u00bb link=\u00bbhttps:\/\/mugardos.gal\/benestar-social\/contacto-co-departamento-de-benestar-social\/\u00bb][vc_single_image image=\u00bb3086&#8243; img_size=\u00bbmedium\u00bb alignment=\u00bbcenter\u00bb style=\u00bbvc_box_shadow_3d\u00bb onclick=\u00bbcustom_link\u00bb css=\u00bb.vc_custom_1590242502164{margin-top: -40px !important;}\u00bb link=\u00bbhttps:\/\/mugardos.gal\/benestar-social\/axudas-de-ensino-e-transporte\/\u00bb][vc_single_image image=\u00bb3098&#8243; img_size=\u00bbmedium\u00bb alignment=\u00bbcenter\u00bb style=\u00bbvc_box_shadow_3d\u00bb onclick=\u00bbcustom_link\u00bb css=\u00bb.vc_custom_1590242517305{margin-top: -40px !important;}\u00bb link=\u00bbhttps:\/\/mugardos.gal\/benestar-social\/exencions-e-bonificacions-nas-taxas-de-auga-lixo-e-sumidoiros\/\u00bb][vc_single_image image=\u00bb3782&#8243; img_size=\u00bbmedium\u00bb alignment=\u00bbcenter\u00bb style=\u00bbvc_box_shadow_3d\u00bb onclick=\u00bbcustom_link\u00bb css=\u00bb.vc_custom_1590567576456{margin-top: -40px !important;}\u00bb link=\u00bbhttps:\/\/mugardos.gal\/benestar-social\/escola-infantil-municipal-lagoas\/\u00bb][vc_single_image image=\u00bb3096&#8243; img_size=\u00bbmedium\u00bb alignment=\u00bbcenter\u00bb style=\u00bbvc_box_shadow_3d\u00bb onclick=\u00bbcustom_link\u00bb css=\u00bb.vc_custom_1590242564534{margin-top: -40px !important;}\u00bb link=\u00bbhttps:\/\/mugardos.gal\/benestar-social\/espazo-infantil-xogo-ludoteca\/\u00bb][vc_single_image image=\u00bb3090&#8243; img_size=\u00bbmedium\u00bb alignment=\u00bbcenter\u00bb style=\u00bbvc_box_shadow_3d\u00bb onclick=\u00bbcustom_link\u00bb [&hellip;]\" \/>\n<meta property=\"og:url\" content=\"https:\/\/mugardos.gal\/es\/bienestar-social\/contacto-con-el-departamento-de-bienestar-social\/\" \/>\n<meta property=\"og:site_name\" content=\"Concello de Mugardos\" \/>\n<meta property=\"article:modified_time\" content=\"2025-09-30T14:10:24+00:00\" \/>\n<meta property=\"og:image\" content=\"https:\/\/mugardos.gal\/wp-content\/uploads\/2020\/03\/telefono.png\" \/>\n<meta name=\"twitter:card\" content=\"summary_large_image\" \/>\n<meta name=\"twitter:label1\" content=\"Tiempo de lectura\" \/>\n\t<meta name=\"twitter:data1\" content=\"2 minutos\" \/>\n<script type=\"application\/ld+json\" class=\"yoast-schema-graph\">{\"@context\":\"https:\/\/schema.org\",\"@graph\":[{\"@type\":\"WebSite\",\"@id\":\"https:\/\/mugardos.gal\/#website\",\"url\":\"https:\/\/mugardos.gal\/\",\"name\":\"Concello de Mugardos\",\"description\":\"\",\"potentialAction\":[{\"@type\":\"SearchAction\",\"target\":{\"@type\":\"EntryPoint\",\"urlTemplate\":\"https:\/\/mugardos.gal\/?s={search_term_string}\"},\"query-input\":\"required name=search_term_string\"}],\"inLanguage\":\"es\"},{\"@type\":\"ImageObject\",\"inLanguage\":\"es\",\"@id\":\"https:\/\/mugardos.gal\/es\/bienestar-social\/contacto-con-el-departamento-de-bienestar-social\/#primaryimage\",\"url\":\"https:\/\/mugardos.gal\/wp-content\/uploads\/2020\/03\/telefono.png\",\"contentUrl\":\"https:\/\/mugardos.gal\/wp-content\/uploads\/2020\/03\/telefono.png\",\"width\":100,\"height\":100},{\"@type\":\"WebPage\",\"@id\":\"https:\/\/mugardos.gal\/es\/bienestar-social\/contacto-con-el-departamento-de-bienestar-social\/#webpage\",\"url\":\"https:\/\/mugardos.gal\/es\/bienestar-social\/contacto-con-el-departamento-de-bienestar-social\/\",\"name\":\"CONTACTO CON EL DEPARTAMENTO DE BIENESTAR SOCIAL - Concello de Mugardos\",\"isPartOf\":{\"@id\":\"https:\/\/mugardos.gal\/#website\"},\"primaryImageOfPage\":{\"@id\":\"https:\/\/mugardos.gal\/es\/bienestar-social\/contacto-con-el-departamento-de-bienestar-social\/#primaryimage\"},\"datePublished\":\"2020-03-25T10:29:35+00:00\",\"dateModified\":\"2025-09-30T14:10:24+00:00\",\"breadcrumb\":{\"@id\":\"https:\/\/mugardos.gal\/es\/bienestar-social\/contacto-con-el-departamento-de-bienestar-social\/#breadcrumb\"},\"inLanguage\":\"es\",\"potentialAction\":[{\"@type\":\"ReadAction\",\"target\":[\"https:\/\/mugardos.gal\/es\/bienestar-social\/contacto-con-el-departamento-de-bienestar-social\/\"]}]},{\"@type\":\"BreadcrumbList\",\"@id\":\"https:\/\/mugardos.gal\/es\/bienestar-social\/contacto-con-el-departamento-de-bienestar-social\/#breadcrumb\",\"itemListElement\":[{\"@type\":\"ListItem\",\"position\":1,\"name\":\"Portada\",\"item\":\"https:\/\/mugardos.gal\/es\/\"},{\"@type\":\"ListItem\",\"position\":2,\"name\":\"BIENESTAR SOCIAL\",\"item\":\"https:\/\/mugardos.gal\/es\/bienestar-social\/\"},{\"@type\":\"ListItem\",\"position\":3,\"name\":\"CONTACTO CON EL DEPARTAMENTO DE BIENESTAR SOCIAL\"}]}]}<\/script>\n<!-- \/ Yoast SEO plugin. -->","yoast_head_json":{"title":"CONTACTO CON EL DEPARTAMENTO DE BIENESTAR SOCIAL - Concello de Mugardos","robots":{"index":"index","follow":"follow","max-snippet":"max-snippet:-1","max-image-preview":"max-image-preview:large","max-video-preview":"max-video-preview:-1"},"canonical":"https:\/\/mugardos.gal\/es\/bienestar-social\/contacto-con-el-departamento-de-bienestar-social\/","og_locale":"es_ES","og_type":"article","og_title":"CONTACTO CON EL DEPARTAMENTO DE BIENESTAR SOCIAL - Concello de Mugardos","og_description":"[vc_row][vc_column][vc_separator color=\u00bbchino\u00bb style=\u00bbshadow\u00bb border_width=\u00bb4&#8243;][\/vc_column][\/vc_row][vc_row][vc_column width=\u00bb1\/4&#8243; offset=\u00bbvc_hidden-sm vc_hidden-xs\u00bb][vc_row_inner][vc_column_inner][vc_single_image image=\u00bb3092&#8243; img_size=\u00bbmedium\u00bb alignment=\u00bbcenter\u00bb style=\u00bbvc_box_shadow_3d\u00bb onclick=\u00bbcustom_link\u00bb css_animation=\u00bbnone\u00bb link=\u00bbhttps:\/\/mugardos.gal\/benestar-social\/contacto-co-departamento-de-benestar-social\/\u00bb][vc_single_image image=\u00bb3086&#8243; img_size=\u00bbmedium\u00bb alignment=\u00bbcenter\u00bb style=\u00bbvc_box_shadow_3d\u00bb onclick=\u00bbcustom_link\u00bb css=\u00bb.vc_custom_1590242502164{margin-top: -40px !important;}\u00bb link=\u00bbhttps:\/\/mugardos.gal\/benestar-social\/axudas-de-ensino-e-transporte\/\u00bb][vc_single_image image=\u00bb3098&#8243; img_size=\u00bbmedium\u00bb alignment=\u00bbcenter\u00bb style=\u00bbvc_box_shadow_3d\u00bb onclick=\u00bbcustom_link\u00bb css=\u00bb.vc_custom_1590242517305{margin-top: -40px !important;}\u00bb link=\u00bbhttps:\/\/mugardos.gal\/benestar-social\/exencions-e-bonificacions-nas-taxas-de-auga-lixo-e-sumidoiros\/\u00bb][vc_single_image image=\u00bb3782&#8243; img_size=\u00bbmedium\u00bb alignment=\u00bbcenter\u00bb style=\u00bbvc_box_shadow_3d\u00bb onclick=\u00bbcustom_link\u00bb css=\u00bb.vc_custom_1590567576456{margin-top: -40px !important;}\u00bb link=\u00bbhttps:\/\/mugardos.gal\/benestar-social\/escola-infantil-municipal-lagoas\/\u00bb][vc_single_image image=\u00bb3096&#8243; img_size=\u00bbmedium\u00bb alignment=\u00bbcenter\u00bb style=\u00bbvc_box_shadow_3d\u00bb onclick=\u00bbcustom_link\u00bb css=\u00bb.vc_custom_1590242564534{margin-top: -40px !important;}\u00bb link=\u00bbhttps:\/\/mugardos.gal\/benestar-social\/espazo-infantil-xogo-ludoteca\/\u00bb][vc_single_image image=\u00bb3090&#8243; img_size=\u00bbmedium\u00bb alignment=\u00bbcenter\u00bb style=\u00bbvc_box_shadow_3d\u00bb onclick=\u00bbcustom_link\u00bb [&hellip;]","og_url":"https:\/\/mugardos.gal\/es\/bienestar-social\/contacto-con-el-departamento-de-bienestar-social\/","og_site_name":"Concello de Mugardos","article_modified_time":"2025-09-30T14:10:24+00:00","og_image":[{"url":"https:\/\/mugardos.gal\/wp-content\/uploads\/2020\/03\/telefono.png"}],"twitter_card":"summary_large_image","twitter_misc":{"Tiempo de lectura":"2 minutos"},"schema":{"@context":"https:\/\/schema.org","@graph":[{"@type":"WebSite","@id":"https:\/\/mugardos.gal\/#website","url":"https:\/\/mugardos.gal\/","name":"Concello de Mugardos","description":"","potentialAction":[{"@type":"SearchAction","target":{"@type":"EntryPoint","urlTemplate":"https:\/\/mugardos.gal\/?s={search_term_string}"},"query-input":"required name=search_term_string"}],"inLanguage":"es"},{"@type":"ImageObject","inLanguage":"es","@id":"https:\/\/mugardos.gal\/es\/bienestar-social\/contacto-con-el-departamento-de-bienestar-social\/#primaryimage","url":"https:\/\/mugardos.gal\/wp-content\/uploads\/2020\/03\/telefono.png","contentUrl":"https:\/\/mugardos.gal\/wp-content\/uploads\/2020\/03\/telefono.png","width":100,"height":100},{"@type":"WebPage","@id":"https:\/\/mugardos.gal\/es\/bienestar-social\/contacto-con-el-departamento-de-bienestar-social\/#webpage","url":"https:\/\/mugardos.gal\/es\/bienestar-social\/contacto-con-el-departamento-de-bienestar-social\/","name":"CONTACTO CON EL DEPARTAMENTO DE BIENESTAR SOCIAL - Concello de Mugardos","isPartOf":{"@id":"https:\/\/mugardos.gal\/#website"},"primaryImageOfPage":{"@id":"https:\/\/mugardos.gal\/es\/bienestar-social\/contacto-con-el-departamento-de-bienestar-social\/#primaryimage"},"datePublished":"2020-03-25T10:29:35+00:00","dateModified":"2025-09-30T14:10:24+00:00","breadcrumb":{"@id":"https:\/\/mugardos.gal\/es\/bienestar-social\/contacto-con-el-departamento-de-bienestar-social\/#breadcrumb"},"inLanguage":"es","potentialAction":[{"@type":"ReadAction","target":["https:\/\/mugardos.gal\/es\/bienestar-social\/contacto-con-el-departamento-de-bienestar-social\/"]}]},{"@type":"BreadcrumbList","@id":"https:\/\/mugardos.gal\/es\/bienestar-social\/contacto-con-el-departamento-de-bienestar-social\/#breadcrumb","itemListElement":[{"@type":"ListItem","position":1,"name":"Portada","item":"https:\/\/mugardos.gal\/es\/"},{"@type":"ListItem","position":2,"name":"BIENESTAR SOCIAL","item":"https:\/\/mugardos.gal\/es\/bienestar-social\/"},{"@type":"ListItem","position":3,"name":"CONTACTO CON EL DEPARTAMENTO DE BIENESTAR SOCIAL"}]}]}},"_links":{"self":[{"href":"https:\/\/mugardos.gal\/es\/wp-json\/wp\/v2\/pages\/24761"}],"collection":[{"href":"https:\/\/mugardos.gal\/es\/wp-json\/wp\/v2\/pages"}],"about":[{"href":"https:\/\/mugardos.gal\/es\/wp-json\/wp\/v2\/types\/page"}],"author":[{"embeddable":true,"href":"https:\/\/mugardos.gal\/es\/wp-json\/wp\/v2\/users\/4"}],"replies":[{"embeddable":true,"href":"https:\/\/mugardos.gal\/es\/wp-json\/wp\/v2\/comments?post=24761"}],"version-history":[{"count":1,"href":"https:\/\/mugardos.gal\/es\/wp-json\/wp\/v2\/pages\/24761\/revisions"}],"predecessor-version":[{"id":24762,"href":"https:\/\/mugardos.gal\/es\/wp-json\/wp\/v2\/pages\/24761\/revisions\/24762"}],"up":[{"embeddable":true,"href":"https:\/\/mugardos.gal\/es\/wp-json\/wp\/v2\/pages\/715"}],"wp:attachment":[{"href":"https:\/\/mugardos.gal\/es\/wp-json\/wp\/v2\/media?parent=24761"}],"curies":[{"name":"wp","href":"https:\/\/api.w.org\/{rel}","templated":true}]}}