{"id":8519,"date":"2020-06-26T12:20:34","date_gmt":"2020-06-26T10:20:34","guid":{"rendered":"https:\/\/mugardos.gal\/eventos\/musical-la-nina-y-el-grillo-mas-alla\/"},"modified":"2020-06-30T11:28:08","modified_gmt":"2020-06-30T09:28:08","slug":"musical-la-nina-y-el-grillo-mas-alla","status":"publish","type":"lsvr_event","link":"https:\/\/mugardos.gal\/es\/eventos\/musical-la-nina-y-el-grillo-mas-alla\/","title":{"rendered":"MUSICAL: LA NI\u00d1A Y EL GRILLO M\u00c1S ALL\u00c1"},"content":{"rendered":"<p id=\"contenedor\" class=\"textarea unknown\" style=\"text-align: justify;\"><em>La ni\u00f1a y el grillo m\u00e1s all\u00e1<\/em> es un montaje teatral de Mag\u00edn Blanco y Teatro Ghazafelhos que se representar\u00e1 a partir de las 20.00 horas en la plaza del Ayuntamiento. Esta obra, recomendada para ni\u00f1os y ni\u00f1as mayores de 5 a\u00f1os, es la \u00faltima y m\u00e1s reciente entrega de <em>La ni\u00f1a y el grillo<\/em>, el musical infantil m\u00e1s aclamado del panorama gallego.<\/p>\n<p class=\"textarea unknown\" style=\"text-align: justify;\">En esta \u00faltima creaci\u00f3n la ni\u00f1a y el grillo corren nuevas aventuras. <em>La ni\u00f1a y el grillo m\u00e1s all\u00e1<\/em> consigui\u00f3 dos nominaci\u00f3ns en los XXIII Premios del teatro Mar\u00eda Casares c\u00f3mo mejor espect\u00e1culo teatral para p\u00fablico infantil y como mejor m\u00fasica original. Resultando tambi\u00e9n finalista en los Premios de la m\u00fasica gallega Mart\u00edn C\u00f3dax en la categor\u00eda de mejor album para el disco del mismo nombre en el que se inspira la pieza teatral.<\/p>\n<p class=\"textarea unknown\" style=\"text-align: justify;\">En caso de lluvia, el espect\u00e1culo se trasladar\u00e1 al pabell\u00f3n del Cristo.<\/p>\n<p class=\"textarea unknown\" style=\"text-align: justify;\">Desde la concejal\u00eda de Cultura recuerdan que el uso de m\u00e1scarilla es obligatorio desde los 6 a\u00f1os y recomendable desde los 3 a\u00f1os, y que los asistentes al evento deber\u00e1n respetar siempre la distancia social obligatoria de 1,5 metros. Asimismo, se recuerda que los menores deber\u00e1n estar acompa\u00f1ados siempre por un responsable mayor de edad.<\/p>\n<div class=\"options\" style=\"text-align: justify;\"><\/div>\n<div class=\"col_b\" style=\"text-align: justify;\">\n<div class=\"textbox\">\n<div class=\"options\"><\/div>\n<\/div>\n<\/div>\n<div class=\"links\" style=\"text-align: justify;\"><\/div>\n","protected":false},"excerpt":{"rendered":"<p>La ni\u00f1a y el grillo m\u00e1s all\u00e1 es un montaje teatral de Mag\u00edn Blanco y Teatro Ghazafelhos que se representar\u00e1 a partir de las 20.00 horas en la plaza del Ayuntamiento. Esta obra, recomendada para ni\u00f1os y ni\u00f1as mayores de 5 a\u00f1os, es la \u00faltima y m\u00e1s reciente entrega de La ni\u00f1a y el grillo, [&hellip;]<\/p>\n","protected":false},"author":4,"featured_media":8498,"template":"","meta":[],"lsvr_event_cat":[60,65],"lsvr_event_tag":[],"yoast_head":"<!-- This site is optimized with the Yoast SEO plugin v18.9 - https:\/\/yoast.com\/wordpress\/plugins\/seo\/ -->\n<title>MUSICAL: LA NI\u00d1A Y EL GRILLO M\u00c1S ALL\u00c1 - Concello de Mugardos<\/title>\n<meta name=\"robots\" content=\"index, follow, max-snippet:-1, max-image-preview:large, max-video-preview:-1\" \/>\n<link rel=\"canonical\" href=\"https:\/\/mugardos.gal\/es\/eventos\/musical-la-nina-y-el-grillo-mas-alla\/\" \/>\n<meta property=\"og:locale\" content=\"es_ES\" \/>\n<meta property=\"og:type\" content=\"article\" \/>\n<meta property=\"og:title\" content=\"MUSICAL: LA NI\u00d1A Y EL GRILLO M\u00c1S ALL\u00c1 - Concello de Mugardos\" \/>\n<meta property=\"og:description\" content=\"La ni\u00f1a y el grillo m\u00e1s all\u00e1 es un montaje teatral de Mag\u00edn Blanco y Teatro Ghazafelhos que se representar\u00e1 a partir de las 20.00 horas en la plaza del Ayuntamiento. Esta obra, recomendada para ni\u00f1os y ni\u00f1as mayores de 5 a\u00f1os, es la \u00faltima y m\u00e1s reciente entrega de La ni\u00f1a y el grillo, [&hellip;]\" \/>\n<meta property=\"og:url\" content=\"https:\/\/mugardos.gal\/es\/eventos\/musical-la-nina-y-el-grillo-mas-alla\/\" \/>\n<meta property=\"og:site_name\" content=\"Concello de Mugardos\" \/>\n<meta property=\"article:modified_time\" content=\"2020-06-30T09:28:08+00:00\" \/>\n<meta property=\"og:image\" content=\"https:\/\/mugardos.gal\/wp-content\/uploads\/2020\/06\/A-nena-e-o-grilo-724x1024.png\" \/>\n\t<meta property=\"og:image:width\" content=\"724\" \/>\n\t<meta property=\"og:image:height\" content=\"1024\" \/>\n\t<meta property=\"og:image:type\" content=\"image\/png\" \/>\n<meta name=\"twitter:card\" content=\"summary_large_image\" \/>\n<meta name=\"twitter:label1\" content=\"Tiempo de lectura\" \/>\n\t<meta name=\"twitter:data1\" content=\"1 minuto\" \/>\n<script type=\"application\/ld+json\" class=\"yoast-schema-graph\">{\"@context\":\"https:\/\/schema.org\",\"@graph\":[{\"@type\":\"WebSite\",\"@id\":\"https:\/\/mugardos.gal\/#website\",\"url\":\"https:\/\/mugardos.gal\/\",\"name\":\"Concello de Mugardos\",\"description\":\"\",\"potentialAction\":[{\"@type\":\"SearchAction\",\"target\":{\"@type\":\"EntryPoint\",\"urlTemplate\":\"https:\/\/mugardos.gal\/?s={search_term_string}\"},\"query-input\":\"required name=search_term_string\"}],\"inLanguage\":\"es\"},{\"@type\":\"ImageObject\",\"inLanguage\":\"es\",\"@id\":\"https:\/\/mugardos.gal\/es\/eventos\/musical-la-nina-y-el-grillo-mas-alla\/#primaryimage\",\"url\":\"https:\/\/mugardos.gal\/wp-content\/uploads\/2020\/06\/A-nena-e-o-grilo.png\",\"contentUrl\":\"https:\/\/mugardos.gal\/wp-content\/uploads\/2020\/06\/A-nena-e-o-grilo.png\",\"width\":3508,\"height\":4961},{\"@type\":\"WebPage\",\"@id\":\"https:\/\/mugardos.gal\/es\/eventos\/musical-la-nina-y-el-grillo-mas-alla\/#webpage\",\"url\":\"https:\/\/mugardos.gal\/es\/eventos\/musical-la-nina-y-el-grillo-mas-alla\/\",\"name\":\"MUSICAL: LA NI\u00d1A Y EL GRILLO M\u00c1S ALL\u00c1 - Concello de Mugardos\",\"isPartOf\":{\"@id\":\"https:\/\/mugardos.gal\/#website\"},\"primaryImageOfPage\":{\"@id\":\"https:\/\/mugardos.gal\/es\/eventos\/musical-la-nina-y-el-grillo-mas-alla\/#primaryimage\"},\"datePublished\":\"2020-06-26T10:20:34+00:00\",\"dateModified\":\"2020-06-30T09:28:08+00:00\",\"breadcrumb\":{\"@id\":\"https:\/\/mugardos.gal\/es\/eventos\/musical-la-nina-y-el-grillo-mas-alla\/#breadcrumb\"},\"inLanguage\":\"es\",\"potentialAction\":[{\"@type\":\"ReadAction\",\"target\":[\"https:\/\/mugardos.gal\/es\/eventos\/musical-la-nina-y-el-grillo-mas-alla\/\"]}]},{\"@type\":\"BreadcrumbList\",\"@id\":\"https:\/\/mugardos.gal\/es\/eventos\/musical-la-nina-y-el-grillo-mas-alla\/#breadcrumb\",\"itemListElement\":[{\"@type\":\"ListItem\",\"position\":1,\"name\":\"Portada\",\"item\":\"https:\/\/mugardos.gal\/es\/\"},{\"@type\":\"ListItem\",\"position\":2,\"name\":\"EVENTOS\",\"item\":\"https:\/\/mugardos.gal\/eventos\/\"},{\"@type\":\"ListItem\",\"position\":3,\"name\":\"MUSICAL: LA NI\u00d1A Y EL GRILLO M\u00c1S ALL\u00c1\"}]}]}<\/script>\n<!-- \/ Yoast SEO plugin. -->","yoast_head_json":{"title":"MUSICAL: LA NI\u00d1A Y EL GRILLO M\u00c1S ALL\u00c1 - Concello de Mugardos","robots":{"index":"index","follow":"follow","max-snippet":"max-snippet:-1","max-image-preview":"max-image-preview:large","max-video-preview":"max-video-preview:-1"},"canonical":"https:\/\/mugardos.gal\/es\/eventos\/musical-la-nina-y-el-grillo-mas-alla\/","og_locale":"es_ES","og_type":"article","og_title":"MUSICAL: LA NI\u00d1A Y EL GRILLO M\u00c1S ALL\u00c1 - Concello de Mugardos","og_description":"La ni\u00f1a y el grillo m\u00e1s all\u00e1 es un montaje teatral de Mag\u00edn Blanco y Teatro Ghazafelhos que se representar\u00e1 a partir de las 20.00 horas en la plaza del Ayuntamiento. Esta obra, recomendada para ni\u00f1os y ni\u00f1as mayores de 5 a\u00f1os, es la \u00faltima y m\u00e1s reciente entrega de La ni\u00f1a y el grillo, [&hellip;]","og_url":"https:\/\/mugardos.gal\/es\/eventos\/musical-la-nina-y-el-grillo-mas-alla\/","og_site_name":"Concello de Mugardos","article_modified_time":"2020-06-30T09:28:08+00:00","og_image":[{"width":724,"height":1024,"url":"https:\/\/mugardos.gal\/wp-content\/uploads\/2020\/06\/A-nena-e-o-grilo-724x1024.png","type":"image\/png"}],"twitter_card":"summary_large_image","twitter_misc":{"Tiempo de lectura":"1 minuto"},"schema":{"@context":"https:\/\/schema.org","@graph":[{"@type":"WebSite","@id":"https:\/\/mugardos.gal\/#website","url":"https:\/\/mugardos.gal\/","name":"Concello de Mugardos","description":"","potentialAction":[{"@type":"SearchAction","target":{"@type":"EntryPoint","urlTemplate":"https:\/\/mugardos.gal\/?s={search_term_string}"},"query-input":"required name=search_term_string"}],"inLanguage":"es"},{"@type":"ImageObject","inLanguage":"es","@id":"https:\/\/mugardos.gal\/es\/eventos\/musical-la-nina-y-el-grillo-mas-alla\/#primaryimage","url":"https:\/\/mugardos.gal\/wp-content\/uploads\/2020\/06\/A-nena-e-o-grilo.png","contentUrl":"https:\/\/mugardos.gal\/wp-content\/uploads\/2020\/06\/A-nena-e-o-grilo.png","width":3508,"height":4961},{"@type":"WebPage","@id":"https:\/\/mugardos.gal\/es\/eventos\/musical-la-nina-y-el-grillo-mas-alla\/#webpage","url":"https:\/\/mugardos.gal\/es\/eventos\/musical-la-nina-y-el-grillo-mas-alla\/","name":"MUSICAL: LA NI\u00d1A Y EL GRILLO M\u00c1S ALL\u00c1 - Concello de Mugardos","isPartOf":{"@id":"https:\/\/mugardos.gal\/#website"},"primaryImageOfPage":{"@id":"https:\/\/mugardos.gal\/es\/eventos\/musical-la-nina-y-el-grillo-mas-alla\/#primaryimage"},"datePublished":"2020-06-26T10:20:34+00:00","dateModified":"2020-06-30T09:28:08+00:00","breadcrumb":{"@id":"https:\/\/mugardos.gal\/es\/eventos\/musical-la-nina-y-el-grillo-mas-alla\/#breadcrumb"},"inLanguage":"es","potentialAction":[{"@type":"ReadAction","target":["https:\/\/mugardos.gal\/es\/eventos\/musical-la-nina-y-el-grillo-mas-alla\/"]}]},{"@type":"BreadcrumbList","@id":"https:\/\/mugardos.gal\/es\/eventos\/musical-la-nina-y-el-grillo-mas-alla\/#breadcrumb","itemListElement":[{"@type":"ListItem","position":1,"name":"Portada","item":"https:\/\/mugardos.gal\/es\/"},{"@type":"ListItem","position":2,"name":"EVENTOS","item":"https:\/\/mugardos.gal\/eventos\/"},{"@type":"ListItem","position":3,"name":"MUSICAL: LA NI\u00d1A Y EL GRILLO M\u00c1S ALL\u00c1"}]}]}},"_links":{"self":[{"href":"https:\/\/mugardos.gal\/es\/wp-json\/wp\/v2\/lsvr_event\/8519"}],"collection":[{"href":"https:\/\/mugardos.gal\/es\/wp-json\/wp\/v2\/lsvr_event"}],"about":[{"href":"https:\/\/mugardos.gal\/es\/wp-json\/wp\/v2\/types\/lsvr_event"}],"author":[{"embeddable":true,"href":"https:\/\/mugardos.gal\/es\/wp-json\/wp\/v2\/users\/4"}],"version-history":[{"count":0,"href":"https:\/\/mugardos.gal\/es\/wp-json\/wp\/v2\/lsvr_event\/8519\/revisions"}],"wp:featuredmedia":[{"embeddable":true,"href":"https:\/\/mugardos.gal\/es\/wp-json\/wp\/v2\/media\/8498"}],"wp:attachment":[{"href":"https:\/\/mugardos.gal\/es\/wp-json\/wp\/v2\/media?parent=8519"}],"wp:term":[{"taxonomy":"lsvr_event_cat","embeddable":true,"href":"https:\/\/mugardos.gal\/es\/wp-json\/wp\/v2\/lsvr_event_cat?post=8519"},{"taxonomy":"lsvr_event_tag","embeddable":true,"href":"https:\/\/mugardos.gal\/es\/wp-json\/wp\/v2\/lsvr_event_tag?post=8519"}],"curies":[{"name":"wp","href":"https:\/\/api.w.org\/{rel}","templated":true}]}}