{"id":20410,"date":"2023-12-15T13:24:36","date_gmt":"2023-12-15T11:24:36","guid":{"rendered":"https:\/\/mugardos.gal\/eventos\/espectaculo-de-magia-a-cargo-de-cayetano-lledo\/"},"modified":"2023-12-15T13:24:37","modified_gmt":"2023-12-15T11:24:37","slug":"espectaculo-de-magia-a-cargo-de-cayetano-lledo","status":"publish","type":"lsvr_event","link":"https:\/\/mugardos.gal\/es\/eventos\/espectaculo-de-magia-a-cargo-de-cayetano-lledo\/","title":{"rendered":"ESPECT\u00c1CULO DE MAGIA A CARGO DE CAYETANO LLED\u00d3"},"content":{"rendered":"\n<p>El mago Cayetano Lled\u00f3 llevar\u00e1 su espect\u00e1culo &#8216;Oh! Circo de Navidad&#8217; el s\u00e1bado 30 de diciembre a la Sociedad Cultural, Recreativa y Deportiva San Xo\u00e1n de Pi\u00f1eiro, a las 20:00 horas, con entrada gratuita.<\/p>\n","protected":false},"excerpt":{"rendered":"<p>El mago Cayetano Lled\u00f3 llevar\u00e1 su espect\u00e1culo &#8216;Oh! Circo de Navidad&#8217; el s\u00e1bado 30 de diciembre a la Sociedad Cultural, Recreativa y Deportiva San Xo\u00e1n de Pi\u00f1eiro, a las 20:00 horas, con entrada gratuita.<\/p>\n","protected":false},"author":5,"featured_media":20408,"template":"","meta":[],"lsvr_event_cat":[69],"lsvr_event_tag":[],"yoast_head":"<!-- This site is optimized with the Yoast SEO plugin v18.9 - https:\/\/yoast.com\/wordpress\/plugins\/seo\/ -->\n<title>ESPECT\u00c1CULO DE MAGIA A CARGO DE CAYETANO LLED\u00d3 - Concello de Mugardos<\/title>\n<meta name=\"robots\" content=\"index, follow, max-snippet:-1, max-image-preview:large, max-video-preview:-1\" \/>\n<link rel=\"canonical\" href=\"https:\/\/mugardos.gal\/es\/eventos\/espectaculo-de-magia-a-cargo-de-cayetano-lledo\/\" \/>\n<meta property=\"og:locale\" content=\"es_ES\" \/>\n<meta property=\"og:type\" content=\"article\" \/>\n<meta property=\"og:title\" content=\"ESPECT\u00c1CULO DE MAGIA A CARGO DE CAYETANO LLED\u00d3 - Concello de Mugardos\" \/>\n<meta property=\"og:description\" content=\"El mago Cayetano Lled\u00f3 llevar\u00e1 su espect\u00e1culo &#8216;Oh! Circo de Navidad&#8217; el s\u00e1bado 30 de diciembre a la Sociedad Cultural, Recreativa y Deportiva San Xo\u00e1n de Pi\u00f1eiro, a las 20:00 horas, con entrada gratuita.\" \/>\n<meta property=\"og:url\" content=\"https:\/\/mugardos.gal\/es\/eventos\/espectaculo-de-magia-a-cargo-de-cayetano-lledo\/\" \/>\n<meta property=\"og:site_name\" content=\"Concello de Mugardos\" \/>\n<meta property=\"article:modified_time\" content=\"2023-12-15T11:24:37+00:00\" \/>\n<meta property=\"og:image\" content=\"https:\/\/mugardos.gal\/wp-content\/uploads\/2023\/12\/IMG_6038.jpg\" \/>\n\t<meta property=\"og:image:width\" content=\"1242\" \/>\n\t<meta property=\"og:image:height\" content=\"758\" \/>\n\t<meta property=\"og:image:type\" content=\"image\/jpeg\" \/>\n<meta name=\"twitter:card\" content=\"summary_large_image\" \/>\n<script type=\"application\/ld+json\" class=\"yoast-schema-graph\">{\"@context\":\"https:\/\/schema.org\",\"@graph\":[{\"@type\":\"WebSite\",\"@id\":\"https:\/\/mugardos.gal\/#website\",\"url\":\"https:\/\/mugardos.gal\/\",\"name\":\"Concello de Mugardos\",\"description\":\"\",\"potentialAction\":[{\"@type\":\"SearchAction\",\"target\":{\"@type\":\"EntryPoint\",\"urlTemplate\":\"https:\/\/mugardos.gal\/?s={search_term_string}\"},\"query-input\":\"required name=search_term_string\"}],\"inLanguage\":\"es\"},{\"@type\":\"ImageObject\",\"inLanguage\":\"es\",\"@id\":\"https:\/\/mugardos.gal\/es\/eventos\/espectaculo-de-magia-a-cargo-de-cayetano-lledo\/#primaryimage\",\"url\":\"https:\/\/mugardos.gal\/wp-content\/uploads\/2023\/12\/IMG_6038.jpg\",\"contentUrl\":\"https:\/\/mugardos.gal\/wp-content\/uploads\/2023\/12\/IMG_6038.jpg\",\"width\":1242,\"height\":758},{\"@type\":\"WebPage\",\"@id\":\"https:\/\/mugardos.gal\/es\/eventos\/espectaculo-de-magia-a-cargo-de-cayetano-lledo\/#webpage\",\"url\":\"https:\/\/mugardos.gal\/es\/eventos\/espectaculo-de-magia-a-cargo-de-cayetano-lledo\/\",\"name\":\"ESPECT\u00c1CULO DE MAGIA A CARGO DE CAYETANO LLED\u00d3 - Concello de Mugardos\",\"isPartOf\":{\"@id\":\"https:\/\/mugardos.gal\/#website\"},\"primaryImageOfPage\":{\"@id\":\"https:\/\/mugardos.gal\/es\/eventos\/espectaculo-de-magia-a-cargo-de-cayetano-lledo\/#primaryimage\"},\"datePublished\":\"2023-12-15T11:24:36+00:00\",\"dateModified\":\"2023-12-15T11:24:37+00:00\",\"breadcrumb\":{\"@id\":\"https:\/\/mugardos.gal\/es\/eventos\/espectaculo-de-magia-a-cargo-de-cayetano-lledo\/#breadcrumb\"},\"inLanguage\":\"es\",\"potentialAction\":[{\"@type\":\"ReadAction\",\"target\":[\"https:\/\/mugardos.gal\/es\/eventos\/espectaculo-de-magia-a-cargo-de-cayetano-lledo\/\"]}]},{\"@type\":\"BreadcrumbList\",\"@id\":\"https:\/\/mugardos.gal\/es\/eventos\/espectaculo-de-magia-a-cargo-de-cayetano-lledo\/#breadcrumb\",\"itemListElement\":[{\"@type\":\"ListItem\",\"position\":1,\"name\":\"Portada\",\"item\":\"https:\/\/mugardos.gal\/es\/\"},{\"@type\":\"ListItem\",\"position\":2,\"name\":\"EVENTOS\",\"item\":\"https:\/\/mugardos.gal\/eventos\/\"},{\"@type\":\"ListItem\",\"position\":3,\"name\":\"ESPECT\u00c1CULO DE MAGIA A CARGO DE CAYETANO LLED\u00d3\"}]}]}<\/script>\n<!-- \/ Yoast SEO plugin. -->","yoast_head_json":{"title":"ESPECT\u00c1CULO DE MAGIA A CARGO DE CAYETANO LLED\u00d3 - Concello de Mugardos","robots":{"index":"index","follow":"follow","max-snippet":"max-snippet:-1","max-image-preview":"max-image-preview:large","max-video-preview":"max-video-preview:-1"},"canonical":"https:\/\/mugardos.gal\/es\/eventos\/espectaculo-de-magia-a-cargo-de-cayetano-lledo\/","og_locale":"es_ES","og_type":"article","og_title":"ESPECT\u00c1CULO DE MAGIA A CARGO DE CAYETANO LLED\u00d3 - Concello de Mugardos","og_description":"El mago Cayetano Lled\u00f3 llevar\u00e1 su espect\u00e1culo &#8216;Oh! Circo de Navidad&#8217; el s\u00e1bado 30 de diciembre a la Sociedad Cultural, Recreativa y Deportiva San Xo\u00e1n de Pi\u00f1eiro, a las 20:00 horas, con entrada gratuita.","og_url":"https:\/\/mugardos.gal\/es\/eventos\/espectaculo-de-magia-a-cargo-de-cayetano-lledo\/","og_site_name":"Concello de Mugardos","article_modified_time":"2023-12-15T11:24:37+00:00","og_image":[{"width":1242,"height":758,"url":"https:\/\/mugardos.gal\/wp-content\/uploads\/2023\/12\/IMG_6038.jpg","type":"image\/jpeg"}],"twitter_card":"summary_large_image","schema":{"@context":"https:\/\/schema.org","@graph":[{"@type":"WebSite","@id":"https:\/\/mugardos.gal\/#website","url":"https:\/\/mugardos.gal\/","name":"Concello de Mugardos","description":"","potentialAction":[{"@type":"SearchAction","target":{"@type":"EntryPoint","urlTemplate":"https:\/\/mugardos.gal\/?s={search_term_string}"},"query-input":"required name=search_term_string"}],"inLanguage":"es"},{"@type":"ImageObject","inLanguage":"es","@id":"https:\/\/mugardos.gal\/es\/eventos\/espectaculo-de-magia-a-cargo-de-cayetano-lledo\/#primaryimage","url":"https:\/\/mugardos.gal\/wp-content\/uploads\/2023\/12\/IMG_6038.jpg","contentUrl":"https:\/\/mugardos.gal\/wp-content\/uploads\/2023\/12\/IMG_6038.jpg","width":1242,"height":758},{"@type":"WebPage","@id":"https:\/\/mugardos.gal\/es\/eventos\/espectaculo-de-magia-a-cargo-de-cayetano-lledo\/#webpage","url":"https:\/\/mugardos.gal\/es\/eventos\/espectaculo-de-magia-a-cargo-de-cayetano-lledo\/","name":"ESPECT\u00c1CULO DE MAGIA A CARGO DE CAYETANO LLED\u00d3 - Concello de Mugardos","isPartOf":{"@id":"https:\/\/mugardos.gal\/#website"},"primaryImageOfPage":{"@id":"https:\/\/mugardos.gal\/es\/eventos\/espectaculo-de-magia-a-cargo-de-cayetano-lledo\/#primaryimage"},"datePublished":"2023-12-15T11:24:36+00:00","dateModified":"2023-12-15T11:24:37+00:00","breadcrumb":{"@id":"https:\/\/mugardos.gal\/es\/eventos\/espectaculo-de-magia-a-cargo-de-cayetano-lledo\/#breadcrumb"},"inLanguage":"es","potentialAction":[{"@type":"ReadAction","target":["https:\/\/mugardos.gal\/es\/eventos\/espectaculo-de-magia-a-cargo-de-cayetano-lledo\/"]}]},{"@type":"BreadcrumbList","@id":"https:\/\/mugardos.gal\/es\/eventos\/espectaculo-de-magia-a-cargo-de-cayetano-lledo\/#breadcrumb","itemListElement":[{"@type":"ListItem","position":1,"name":"Portada","item":"https:\/\/mugardos.gal\/es\/"},{"@type":"ListItem","position":2,"name":"EVENTOS","item":"https:\/\/mugardos.gal\/eventos\/"},{"@type":"ListItem","position":3,"name":"ESPECT\u00c1CULO DE MAGIA A CARGO DE CAYETANO LLED\u00d3"}]}]}},"_links":{"self":[{"href":"https:\/\/mugardos.gal\/es\/wp-json\/wp\/v2\/lsvr_event\/20410"}],"collection":[{"href":"https:\/\/mugardos.gal\/es\/wp-json\/wp\/v2\/lsvr_event"}],"about":[{"href":"https:\/\/mugardos.gal\/es\/wp-json\/wp\/v2\/types\/lsvr_event"}],"author":[{"embeddable":true,"href":"https:\/\/mugardos.gal\/es\/wp-json\/wp\/v2\/users\/5"}],"version-history":[{"count":1,"href":"https:\/\/mugardos.gal\/es\/wp-json\/wp\/v2\/lsvr_event\/20410\/revisions"}],"predecessor-version":[{"id":20411,"href":"https:\/\/mugardos.gal\/es\/wp-json\/wp\/v2\/lsvr_event\/20410\/revisions\/20411"}],"wp:featuredmedia":[{"embeddable":true,"href":"https:\/\/mugardos.gal\/es\/wp-json\/wp\/v2\/media\/20408"}],"wp:attachment":[{"href":"https:\/\/mugardos.gal\/es\/wp-json\/wp\/v2\/media?parent=20410"}],"wp:term":[{"taxonomy":"lsvr_event_cat","embeddable":true,"href":"https:\/\/mugardos.gal\/es\/wp-json\/wp\/v2\/lsvr_event_cat?post=20410"},{"taxonomy":"lsvr_event_tag","embeddable":true,"href":"https:\/\/mugardos.gal\/es\/wp-json\/wp\/v2\/lsvr_event_tag?post=20410"}],"curies":[{"name":"wp","href":"https:\/\/api.w.org\/{rel}","templated":true}]}}