{"id":20051,"date":"2023-09-21T12:00:47","date_gmt":"2023-09-21T10:00:47","guid":{"rendered":"https:\/\/mugardos.gal\/eventos\/talleres-de-formacion-en-atencion-especializada-en-alzheimer-y-otras-demencias\/"},"modified":"2023-09-21T12:00:48","modified_gmt":"2023-09-21T10:00:48","slug":"talleres-de-formacion-en-atencion-especializada-en-alzheimer-y-otras-demencias","status":"publish","type":"lsvr_event","link":"https:\/\/mugardos.gal\/es\/eventos\/talleres-de-formacion-en-atencion-especializada-en-alzheimer-y-otras-demencias\/","title":{"rendered":"TALLERES DE FORMACI\u00d3N EN ATENCI\u00d3N ESPECIALIZADA EN ALZHEIMER Y OTRAS DEMENCIAS"},"content":{"rendered":"\n<p>Se impartir\u00e1n en el Local Social de Mayores de Mugardos, los d\u00edas\u00a0<strong>26 y 28 de septiembre de 2023<\/strong> en horario de\u00a0<strong>16.30 a 18.30h.<\/strong><\/p>\n\n<p>Las inscripciones se realizar\u00e1n en el Departamento de Servicios Sociales Comunitarios del Concello de Mugardos, en el tel\u00e9fono 981 47 03 38.<\/p>\n\n<div class=\"wp-block-file\"><object class=\"wp-block-file__embed\" data=\"https:\/\/mugardos.gal\/wp-content\/uploads\/2023\/09\/cartel-mugardos-23.pdf\" type=\"application\/pdf\" style=\"width:100%;height:600px\" aria-label=\"Incrustado de Descargar cartel.\"><\/object><a id=\"wp-block-file--media-44fe6b71-6246-4edb-8ebd-3df374684618\" href=\"https:\/\/mugardos.gal\/wp-content\/uploads\/2023\/09\/cartel-mugardos-23.pdf\">Descargar cartel<\/a><a href=\"https:\/\/mugardos.gal\/wp-content\/uploads\/2023\/09\/cartel-mugardos-23.pdf\" class=\"wp-block-file__button\" download=\"\" aria-describedby=\"wp-block-file--media-44fe6b71-6246-4edb-8ebd-3df374684618\">Descarga\t <\/a><\/div>\n\n<p><\/p>\n","protected":false},"excerpt":{"rendered":"<p>Se impartir\u00e1n en el Local Social de Mayores de Mugardos, los d\u00edas\u00a026 y 28 de septiembre de 2023 en horario de\u00a016.30 a 18.30h. Las inscripciones se realizar\u00e1n en el Departamento de Servicios Sociales Comunitarios del Concello de Mugardos, en el tel\u00e9fono 981 47 03 38.<\/p>\n","protected":false},"author":5,"featured_media":20047,"template":"","meta":[],"lsvr_event_cat":[],"lsvr_event_tag":[],"yoast_head":"<!-- This site is optimized with the Yoast SEO plugin v18.9 - https:\/\/yoast.com\/wordpress\/plugins\/seo\/ -->\n<title>TALLERES DE FORMACI\u00d3N EN ATENCI\u00d3N ESPECIALIZADA EN ALZHEIMER Y OTRAS DEMENCIAS - Concello de Mugardos<\/title>\n<meta name=\"robots\" content=\"index, follow, max-snippet:-1, max-image-preview:large, max-video-preview:-1\" \/>\n<link rel=\"canonical\" href=\"https:\/\/mugardos.gal\/es\/eventos\/talleres-de-formacion-en-atencion-especializada-en-alzheimer-y-otras-demencias\/\" \/>\n<meta property=\"og:locale\" content=\"es_ES\" \/>\n<meta property=\"og:type\" content=\"article\" \/>\n<meta property=\"og:title\" content=\"TALLERES DE FORMACI\u00d3N EN ATENCI\u00d3N ESPECIALIZADA EN ALZHEIMER Y OTRAS DEMENCIAS - Concello de Mugardos\" \/>\n<meta property=\"og:description\" content=\"Se impartir\u00e1n en el Local Social de Mayores de Mugardos, los d\u00edas\u00a026 y 28 de septiembre de 2023 en horario de\u00a016.30 a 18.30h. Las inscripciones se realizar\u00e1n en el Departamento de Servicios Sociales Comunitarios del Concello de Mugardos, en el tel\u00e9fono 981 47 03 38.\" \/>\n<meta property=\"og:url\" content=\"https:\/\/mugardos.gal\/es\/eventos\/talleres-de-formacion-en-atencion-especializada-en-alzheimer-y-otras-demencias\/\" \/>\n<meta property=\"og:site_name\" content=\"Concello de Mugardos\" \/>\n<meta property=\"article:modified_time\" content=\"2023-09-21T10:00:48+00:00\" \/>\n<meta property=\"og:image\" content=\"https:\/\/mugardos.gal\/wp-content\/uploads\/2023\/09\/Captura-de-pantalla-2023-09-21-a-las-11.38.11.png\" \/>\n\t<meta property=\"og:image:width\" content=\"1186\" \/>\n\t<meta property=\"og:image:height\" content=\"876\" \/>\n\t<meta property=\"og:image:type\" content=\"image\/png\" \/>\n<meta name=\"twitter:card\" content=\"summary_large_image\" \/>\n<script type=\"application\/ld+json\" class=\"yoast-schema-graph\">{\"@context\":\"https:\/\/schema.org\",\"@graph\":[{\"@type\":\"WebSite\",\"@id\":\"https:\/\/mugardos.gal\/#website\",\"url\":\"https:\/\/mugardos.gal\/\",\"name\":\"Concello de Mugardos\",\"description\":\"\",\"potentialAction\":[{\"@type\":\"SearchAction\",\"target\":{\"@type\":\"EntryPoint\",\"urlTemplate\":\"https:\/\/mugardos.gal\/?s={search_term_string}\"},\"query-input\":\"required name=search_term_string\"}],\"inLanguage\":\"es\"},{\"@type\":\"ImageObject\",\"inLanguage\":\"es\",\"@id\":\"https:\/\/mugardos.gal\/es\/eventos\/talleres-de-formacion-en-atencion-especializada-en-alzheimer-y-otras-demencias\/#primaryimage\",\"url\":\"https:\/\/mugardos.gal\/wp-content\/uploads\/2023\/09\/Captura-de-pantalla-2023-09-21-a-las-11.38.11.png\",\"contentUrl\":\"https:\/\/mugardos.gal\/wp-content\/uploads\/2023\/09\/Captura-de-pantalla-2023-09-21-a-las-11.38.11.png\",\"width\":1186,\"height\":876},{\"@type\":\"WebPage\",\"@id\":\"https:\/\/mugardos.gal\/es\/eventos\/talleres-de-formacion-en-atencion-especializada-en-alzheimer-y-otras-demencias\/#webpage\",\"url\":\"https:\/\/mugardos.gal\/es\/eventos\/talleres-de-formacion-en-atencion-especializada-en-alzheimer-y-otras-demencias\/\",\"name\":\"TALLERES DE FORMACI\u00d3N EN ATENCI\u00d3N ESPECIALIZADA EN ALZHEIMER Y OTRAS DEMENCIAS - Concello de Mugardos\",\"isPartOf\":{\"@id\":\"https:\/\/mugardos.gal\/#website\"},\"primaryImageOfPage\":{\"@id\":\"https:\/\/mugardos.gal\/es\/eventos\/talleres-de-formacion-en-atencion-especializada-en-alzheimer-y-otras-demencias\/#primaryimage\"},\"datePublished\":\"2023-09-21T10:00:47+00:00\",\"dateModified\":\"2023-09-21T10:00:48+00:00\",\"breadcrumb\":{\"@id\":\"https:\/\/mugardos.gal\/es\/eventos\/talleres-de-formacion-en-atencion-especializada-en-alzheimer-y-otras-demencias\/#breadcrumb\"},\"inLanguage\":\"es\",\"potentialAction\":[{\"@type\":\"ReadAction\",\"target\":[\"https:\/\/mugardos.gal\/es\/eventos\/talleres-de-formacion-en-atencion-especializada-en-alzheimer-y-otras-demencias\/\"]}]},{\"@type\":\"BreadcrumbList\",\"@id\":\"https:\/\/mugardos.gal\/es\/eventos\/talleres-de-formacion-en-atencion-especializada-en-alzheimer-y-otras-demencias\/#breadcrumb\",\"itemListElement\":[{\"@type\":\"ListItem\",\"position\":1,\"name\":\"Portada\",\"item\":\"https:\/\/mugardos.gal\/es\/\"},{\"@type\":\"ListItem\",\"position\":2,\"name\":\"EVENTOS\",\"item\":\"https:\/\/mugardos.gal\/eventos\/\"},{\"@type\":\"ListItem\",\"position\":3,\"name\":\"TALLERES DE FORMACI\u00d3N EN ATENCI\u00d3N ESPECIALIZADA EN ALZHEIMER Y OTRAS DEMENCIAS\"}]}]}<\/script>\n<!-- \/ Yoast SEO plugin. -->","yoast_head_json":{"title":"TALLERES DE FORMACI\u00d3N EN ATENCI\u00d3N ESPECIALIZADA EN ALZHEIMER Y OTRAS DEMENCIAS - Concello de Mugardos","robots":{"index":"index","follow":"follow","max-snippet":"max-snippet:-1","max-image-preview":"max-image-preview:large","max-video-preview":"max-video-preview:-1"},"canonical":"https:\/\/mugardos.gal\/es\/eventos\/talleres-de-formacion-en-atencion-especializada-en-alzheimer-y-otras-demencias\/","og_locale":"es_ES","og_type":"article","og_title":"TALLERES DE FORMACI\u00d3N EN ATENCI\u00d3N ESPECIALIZADA EN ALZHEIMER Y OTRAS DEMENCIAS - Concello de Mugardos","og_description":"Se impartir\u00e1n en el Local Social de Mayores de Mugardos, los d\u00edas\u00a026 y 28 de septiembre de 2023 en horario de\u00a016.30 a 18.30h. Las inscripciones se realizar\u00e1n en el Departamento de Servicios Sociales Comunitarios del Concello de Mugardos, en el tel\u00e9fono 981 47 03 38.","og_url":"https:\/\/mugardos.gal\/es\/eventos\/talleres-de-formacion-en-atencion-especializada-en-alzheimer-y-otras-demencias\/","og_site_name":"Concello de Mugardos","article_modified_time":"2023-09-21T10:00:48+00:00","og_image":[{"width":1186,"height":876,"url":"https:\/\/mugardos.gal\/wp-content\/uploads\/2023\/09\/Captura-de-pantalla-2023-09-21-a-las-11.38.11.png","type":"image\/png"}],"twitter_card":"summary_large_image","schema":{"@context":"https:\/\/schema.org","@graph":[{"@type":"WebSite","@id":"https:\/\/mugardos.gal\/#website","url":"https:\/\/mugardos.gal\/","name":"Concello de Mugardos","description":"","potentialAction":[{"@type":"SearchAction","target":{"@type":"EntryPoint","urlTemplate":"https:\/\/mugardos.gal\/?s={search_term_string}"},"query-input":"required name=search_term_string"}],"inLanguage":"es"},{"@type":"ImageObject","inLanguage":"es","@id":"https:\/\/mugardos.gal\/es\/eventos\/talleres-de-formacion-en-atencion-especializada-en-alzheimer-y-otras-demencias\/#primaryimage","url":"https:\/\/mugardos.gal\/wp-content\/uploads\/2023\/09\/Captura-de-pantalla-2023-09-21-a-las-11.38.11.png","contentUrl":"https:\/\/mugardos.gal\/wp-content\/uploads\/2023\/09\/Captura-de-pantalla-2023-09-21-a-las-11.38.11.png","width":1186,"height":876},{"@type":"WebPage","@id":"https:\/\/mugardos.gal\/es\/eventos\/talleres-de-formacion-en-atencion-especializada-en-alzheimer-y-otras-demencias\/#webpage","url":"https:\/\/mugardos.gal\/es\/eventos\/talleres-de-formacion-en-atencion-especializada-en-alzheimer-y-otras-demencias\/","name":"TALLERES DE FORMACI\u00d3N EN ATENCI\u00d3N ESPECIALIZADA EN ALZHEIMER Y OTRAS DEMENCIAS - Concello de Mugardos","isPartOf":{"@id":"https:\/\/mugardos.gal\/#website"},"primaryImageOfPage":{"@id":"https:\/\/mugardos.gal\/es\/eventos\/talleres-de-formacion-en-atencion-especializada-en-alzheimer-y-otras-demencias\/#primaryimage"},"datePublished":"2023-09-21T10:00:47+00:00","dateModified":"2023-09-21T10:00:48+00:00","breadcrumb":{"@id":"https:\/\/mugardos.gal\/es\/eventos\/talleres-de-formacion-en-atencion-especializada-en-alzheimer-y-otras-demencias\/#breadcrumb"},"inLanguage":"es","potentialAction":[{"@type":"ReadAction","target":["https:\/\/mugardos.gal\/es\/eventos\/talleres-de-formacion-en-atencion-especializada-en-alzheimer-y-otras-demencias\/"]}]},{"@type":"BreadcrumbList","@id":"https:\/\/mugardos.gal\/es\/eventos\/talleres-de-formacion-en-atencion-especializada-en-alzheimer-y-otras-demencias\/#breadcrumb","itemListElement":[{"@type":"ListItem","position":1,"name":"Portada","item":"https:\/\/mugardos.gal\/es\/"},{"@type":"ListItem","position":2,"name":"EVENTOS","item":"https:\/\/mugardos.gal\/eventos\/"},{"@type":"ListItem","position":3,"name":"TALLERES DE FORMACI\u00d3N EN ATENCI\u00d3N ESPECIALIZADA EN ALZHEIMER Y OTRAS DEMENCIAS"}]}]}},"_links":{"self":[{"href":"https:\/\/mugardos.gal\/es\/wp-json\/wp\/v2\/lsvr_event\/20051"}],"collection":[{"href":"https:\/\/mugardos.gal\/es\/wp-json\/wp\/v2\/lsvr_event"}],"about":[{"href":"https:\/\/mugardos.gal\/es\/wp-json\/wp\/v2\/types\/lsvr_event"}],"author":[{"embeddable":true,"href":"https:\/\/mugardos.gal\/es\/wp-json\/wp\/v2\/users\/5"}],"version-history":[{"count":1,"href":"https:\/\/mugardos.gal\/es\/wp-json\/wp\/v2\/lsvr_event\/20051\/revisions"}],"predecessor-version":[{"id":20052,"href":"https:\/\/mugardos.gal\/es\/wp-json\/wp\/v2\/lsvr_event\/20051\/revisions\/20052"}],"wp:featuredmedia":[{"embeddable":true,"href":"https:\/\/mugardos.gal\/es\/wp-json\/wp\/v2\/media\/20047"}],"wp:attachment":[{"href":"https:\/\/mugardos.gal\/es\/wp-json\/wp\/v2\/media?parent=20051"}],"wp:term":[{"taxonomy":"lsvr_event_cat","embeddable":true,"href":"https:\/\/mugardos.gal\/es\/wp-json\/wp\/v2\/lsvr_event_cat?post=20051"},{"taxonomy":"lsvr_event_tag","embeddable":true,"href":"https:\/\/mugardos.gal\/es\/wp-json\/wp\/v2\/lsvr_event_tag?post=20051"}],"curies":[{"name":"wp","href":"https:\/\/api.w.org\/{rel}","templated":true}]}}